{"id":9571,"date":"2022-03-01T09:04:11","date_gmt":"2022-03-01T09:04:11","guid":{"rendered":"https:\/\/induo.es\/usine\/"},"modified":"2023-01-11T10:35:51","modified_gmt":"2023-01-11T10:35:51","slug":"usine","status":"publish","type":"page","link":"https:\/\/induo.es\/fr\/usine\/","title":{"rendered":"Usine"},"content":{"rendered":"\t\t<div data-elementor-type=\"wp-page\" data-elementor-id=\"9571\" class=\"elementor elementor-9571 elementor-41\" data-elementor-settings=\"[]\">\n\t\t\t\t\t\t\t<div class=\"elementor-section-wrap\">\n\t\t\t\t\t\t\t<section class=\"elementor-section elementor-top-section elementor-element elementor-element-b3dcc2a elementor-section-boxed elementor-section-height-default elementor-section-height-default\" data-id=\"b3dcc2a\" data-element_type=\"section\">\n\t\t\t\t\t\t<div class=\"elementor-container elementor-column-gap-default\">\n\t\t\t\t\t<div class=\"elementor-column elementor-col-100 elementor-top-column elementor-element elementor-element-810556a\" data-id=\"810556a\" data-element_type=\"column\">\n\t\t\t<div class=\"elementor-widget-wrap elementor-element-populated\">\n\t\t\t\t\t\t\t\t<div class=\"elementor-element elementor-element-f5ea712 elementor-widget elementor-widget-text-editor\" data-id=\"f5ea712\" data-element_type=\"widget\" data-widget_type=\"text-editor.default\">\n\t\t\t\t<div class=\"elementor-widget-container\">\n\t\t\t<style>\/*! elementor - v3.5.6 - 28-02-2022 *\/\n.elementor-widget-text-editor.elementor-drop-cap-view-stacked .elementor-drop-cap{background-color:#818a91;color:#fff}.elementor-widget-text-editor.elementor-drop-cap-view-framed .elementor-drop-cap{color:#818a91;border:3px solid;background-color:transparent}.elementor-widget-text-editor:not(.elementor-drop-cap-view-default) .elementor-drop-cap{margin-top:8px}.elementor-widget-text-editor:not(.elementor-drop-cap-view-default) .elementor-drop-cap-letter{width:1em;height:1em}.elementor-widget-text-editor .elementor-drop-cap{float:left;text-align:center;line-height:1;font-size:50px}.elementor-widget-text-editor .elementor-drop-cap-letter{display:inline-block}<\/style>\t\t\t\t<p style=\"text-align: center;\">USINE<\/p>\n\t\t\t\t\t\t<\/div>\n\t\t\t\t<\/div>\n\t\t\t\t<div class=\"elementor-element elementor-element-5e356c3 elementor-widget elementor-widget-heading\" data-id=\"5e356c3\" data-element_type=\"widget\" data-widget_type=\"heading.default\">\n\t\t\t\t<div class=\"elementor-widget-container\">\n\t\t\t<style>\/*! elementor - v3.5.6 - 28-02-2022 *\/\n.elementor-heading-title{padding:0;margin:0;line-height:1}.elementor-widget-heading .elementor-heading-title[class*=elementor-size-]>a{color:inherit;font-size:inherit;line-height:inherit}.elementor-widget-heading .elementor-heading-title.elementor-size-small{font-size:15px}.elementor-widget-heading .elementor-heading-title.elementor-size-medium{font-size:19px}.elementor-widget-heading .elementor-heading-title.elementor-size-large{font-size:29px}.elementor-widget-heading .elementor-heading-title.elementor-size-xl{font-size:39px}.elementor-widget-heading .elementor-heading-title.elementor-size-xxl{font-size:59px}<\/style><h1 class=\"elementor-heading-title elementor-size-default\">TRADITION ET INNOVATION<\/h1>\t\t<\/div>\n\t\t\t\t<\/div>\n\t\t\t\t<div class=\"elementor-element elementor-element-d33e171 elementor-widget elementor-widget-text-editor\" data-id=\"d33e171\" data-element_type=\"widget\" data-widget_type=\"text-editor.default\">\n\t\t\t\t<div class=\"elementor-widget-container\">\n\t\t\t\t\t\t\t<p>Induo est la section <b>Armoires, Cuisines et Mobilier<\/b> sur mesure de l\u2019entreprise Arrona Hermanos, <b>le r\u00eave devenu r\u00e9alit\u00e9 d\u2019Hilario et Domingo Arrona qui<\/b>, au d\u00e9but des ann\u00e9es 70 du si\u00e8cle pass\u00e9, fondent \u00e0 Zarautz une petite entreprise de meubles \u00e0 tiroirs destin\u00e9s aux charpentiers et aux entreprises.<br \/>Aujourd\u2019hui, Induo est l\u2019\u00e9volution logique, le r\u00e9sultat de la croissance continue de l\u2019entreprise initiale dans le secteur, maintenant entre les mains de <b>Gregorio, Manu,<\/b><b> Mikel et I\u00f1aki, charg\u00e9s de poursuivre le minutieux travail de leurs pr\u00e9d\u00e9cesseurs. Le pari pour l\u2019innovation et la technologie,<\/b> et la vision des nouvelles g\u00e9n\u00e9rations de la famille ont fait de la marque Induo une r\u00e9f\u00e9rence dans le design et la fabrication d\u2019armoires et de cuisines sur mesure.<\/p>\n\t\t\t\t\t\t<\/div>\n\t\t\t\t<\/div>\n\t\t\t\t\t<\/div>\n\t\t<\/div>\n\t\t\t\t\t\t\t<\/div>\n\t\t<\/section>\n\t\t\t\t<section class=\"elementor-section elementor-top-section elementor-element elementor-element-359d55c elementor-section-full_width elementor-section-height-default elementor-section-height-default\" data-id=\"359d55c\" data-element_type=\"section\" data-settings=\"{&quot;background_background&quot;:&quot;classic&quot;}\">\n\t\t\t\t\t\t<div class=\"elementor-container elementor-column-gap-default\">\n\t\t\t\t\t<div class=\"elementor-column elementor-col-100 elementor-top-column elementor-element elementor-element-b2a6e25\" data-id=\"b2a6e25\" data-element_type=\"column\">\n\t\t\t<div class=\"elementor-widget-wrap elementor-element-populated\">\n\t\t\t\t\t\t\t\t<div class=\"elementor-element elementor-element-7a4d84a elementor-aspect-ratio-169 elementor-widget elementor-widget-video\" data-id=\"7a4d84a\" data-element_type=\"widget\" data-settings=\"{&quot;video_type&quot;:&quot;hosted&quot;,&quot;autoplay&quot;:&quot;yes&quot;,&quot;controls&quot;:&quot;yes&quot;,&quot;aspect_ratio&quot;:&quot;169&quot;}\" data-widget_type=\"video.default\">\n\t\t\t\t<div class=\"elementor-widget-container\">\n\t\t\t<style>\/*! elementor - v3.5.6 - 28-02-2022 *\/\n.elementor-widget-video .elementor-widget-container{overflow:hidden;-webkit-transform:translateZ(0);transform:translateZ(0)}.elementor-widget-video .elementor-open-inline .elementor-custom-embed-image-overlay{position:absolute;top:0;left:0;width:100%;height:100%;-webkit-background-size:cover;background-size:cover;background-position:50%}.elementor-widget-video .elementor-custom-embed-image-overlay{cursor:pointer;text-align:center}.elementor-widget-video .elementor-custom-embed-image-overlay:hover .elementor-custom-embed-play i{opacity:1}.elementor-widget-video .elementor-custom-embed-image-overlay img{display:block;width:100%}.elementor-widget-video .e-hosted-video .elementor-video{-o-object-fit:cover;object-fit:cover}<\/style>\t\t<div class=\"e-hosted-video elementor-wrapper elementor-fit-aspect-ratio elementor-open-inline\">\n\t\t\t\t\t<video class=\"elementor-video\" src=\"https:\/\/induo.es\/wp-content\/uploads\/2022\/05\/FabricaInduo_v03-1920-calidad-media.mp4\" autoplay=\"\" controls=\"\" controlsList=\"nodownload\"><\/video>\n\t\t\t\t<\/div>\n\t\t\t\t<\/div>\n\t\t\t\t<\/div>\n\t\t\t\t\t<\/div>\n\t\t<\/div>\n\t\t\t\t\t\t\t<\/div>\n\t\t<\/section>\n\t\t\t\t<section class=\"elementor-section elementor-top-section elementor-element elementor-element-c42b411 elementor-section-boxed elementor-section-height-default elementor-section-height-default\" data-id=\"c42b411\" data-element_type=\"section\">\n\t\t\t\t\t\t<div class=\"elementor-container elementor-column-gap-wider\">\n\t\t\t\t\t<div class=\"elementor-column elementor-col-33 elementor-top-column elementor-element elementor-element-e3147bd\" data-id=\"e3147bd\" data-element_type=\"column\">\n\t\t\t<div class=\"elementor-widget-wrap elementor-element-populated\">\n\t\t\t\t\t\t\t\t<div class=\"elementor-element elementor-element-fe2753a elementor-widget elementor-widget-text-editor\" data-id=\"fe2753a\" data-element_type=\"widget\" data-widget_type=\"text-editor.default\">\n\t\t\t\t<div class=\"elementor-widget-container\">\n\t\t\t\t\t\t\t<p>Leader du secteur<\/p>\n\t\t\t\t\t\t<\/div>\n\t\t\t\t<\/div>\n\t\t\t\t<div class=\"elementor-element elementor-element-e20a10e elementor-widget elementor-widget-text-editor\" data-id=\"e20a10e\" data-element_type=\"widget\" data-widget_type=\"text-editor.default\">\n\t\t\t\t<div class=\"elementor-widget-container\">\n\t\t\t\t\t\t\t<p>En <b>40 ans,<\/b> nous avons appris \u00e0<b>investir dans la technologie<\/b>, \u00e0 conserver le <b>talent<\/b>et \u00e0 donner le meilleur de nous-m\u00eames dans chaque projet de d\u00e9coration d\u2019int\u00e9rieurs.<\/p>\n\t\t\t\t\t\t<\/div>\n\t\t\t\t<\/div>\n\t\t\t\t<div class=\"elementor-element elementor-element-e4a68c7 elementor-widget elementor-widget-text-editor\" data-id=\"e4a68c7\" data-element_type=\"widget\" data-widget_type=\"text-editor.default\">\n\t\t\t\t<div class=\"elementor-widget-container\">\n\t\t\t\t\t\t\t<ul class=\"listinduo\">\n \t<li>Usine de fabrication semi-automatis\u00e9e de grande capacit\u00e9 de production.<\/li>\n \t<li>8 000 m\u00e8tres carr\u00e9s.<\/li>\n \t<li>Investissement constant dans les derni\u00e8res technologies<\/li>\n \t<li>Haute capacit\u00e9 de production.<\/li>\n<\/ul>\t\t\t\t\t\t<\/div>\n\t\t\t\t<\/div>\n\t\t\t\t\t<\/div>\n\t\t<\/div>\n\t\t\t\t<div class=\"elementor-column elementor-col-33 elementor-top-column elementor-element elementor-element-8742694\" data-id=\"8742694\" data-element_type=\"column\">\n\t\t\t<div class=\"elementor-widget-wrap elementor-element-populated\">\n\t\t\t\t\t\t\t\t<div class=\"elementor-element elementor-element-c3557d0 elementor-widget elementor-widget-text-editor\" data-id=\"c3557d0\" data-element_type=\"widget\" data-widget_type=\"text-editor.default\">\n\t\t\t\t<div class=\"elementor-widget-container\">\n\t\t\t\t\t\t\t<p>La qualit\u00e9, notre quotidien<\/p>\n\t\t\t\t\t\t<\/div>\n\t\t\t\t<\/div>\n\t\t\t\t<div class=\"elementor-element elementor-element-bb04abd elementor-widget elementor-widget-text-editor\" data-id=\"bb04abd\" data-element_type=\"widget\" data-widget_type=\"text-editor.default\">\n\t\t\t\t<div class=\"elementor-widget-container\">\n\t\t\t\t\t\t\t<p>Nous actualisons en permanence <b>nos mat\u00e9riaux, nos accessoires et nos connaissances du design<\/b>et de la fabrication de nos meubles sur mesure.<\/p>\n\t\t\t\t\t\t<\/div>\n\t\t\t\t<\/div>\n\t\t\t\t<div class=\"elementor-element elementor-element-deae4e6 elementor-widget elementor-widget-text-editor\" data-id=\"deae4e6\" data-element_type=\"widget\" data-widget_type=\"text-editor.default\">\n\t\t\t\t<div class=\"elementor-widget-container\">\n\t\t\t\t\t\t\t<ul class=\"listinduo\">\n \t<li>Nous combinons le respect de la tradition avec la pr\u00e9cision de l\u2019innovation.<\/li>\n \t<li>Contr\u00f4le de qualit\u00e9 total durant la fabrication et le montage de nos meubles.<\/li>\n \t<li>\u00c9quipes humaines \u00e0 haute qualification professionnelle.<\/li>\n<\/ul>\t\t\t\t\t\t<\/div>\n\t\t\t\t<\/div>\n\t\t\t\t\t<\/div>\n\t\t<\/div>\n\t\t\t\t<div class=\"elementor-column elementor-col-33 elementor-top-column elementor-element elementor-element-4a33da5\" data-id=\"4a33da5\" data-element_type=\"column\">\n\t\t\t<div class=\"elementor-widget-wrap elementor-element-populated\">\n\t\t\t\t\t\t\t\t<div class=\"elementor-element elementor-element-c147e25 elementor-widget elementor-widget-text-editor\" data-id=\"c147e25\" data-element_type=\"widget\" data-widget_type=\"text-editor.default\">\n\t\t\t\t<div class=\"elementor-widget-container\">\n\t\t\t\t\t\t\t<p>Durabilit\u00e9<\/p>\n\t\t\t\t\t\t<\/div>\n\t\t\t\t<\/div>\n\t\t\t\t<div class=\"elementor-element elementor-element-4dd74f4 elementor-widget elementor-widget-text-editor\" data-id=\"4dd74f4\" data-element_type=\"widget\" data-widget_type=\"text-editor.default\">\n\t\t\t\t<div class=\"elementor-widget-container\">\n\t\t\t\t\t\t\t<p><b>Fabrication responsable et engag\u00e9e<\/b> avec l\u2019environnement pour donner forme \u00e0 vos projets d\u2019architecture ou de d\u00e9coration d\u2019int\u00e9rieurs.<\/p>\n\t\t\t\t\t\t<\/div>\n\t\t\t\t<\/div>\n\t\t\t\t<div class=\"elementor-element elementor-element-2c1a4e9 elementor-widget elementor-widget-text-editor\" data-id=\"2c1a4e9\" data-element_type=\"widget\" data-widget_type=\"text-editor.default\">\n\t\t\t\t<div class=\"elementor-widget-container\">\n\t\t\t\t\t\t\t<ul class=\"listinduo\">\n<li><span style=\"font-weight: 400;\">Processus de fabrication toujours plus durable.<\/span><\/li>\n<li><span style=\"font-weight: 400;\">Mat\u00e9riaux recycl\u00e9s et recyclables.<\/span><\/li>\n<li><span style=\"font-weight: 400;\">Bois comme mat\u00e9riau principal pour favoriser la durabilit\u00e9.<\/span><\/li>\n<\/ul>\n\t\t\t\t\t\t<\/div>\n\t\t\t\t<\/div>\n\t\t\t\t\t<\/div>\n\t\t<\/div>\n\t\t\t\t\t\t\t<\/div>\n\t\t<\/section>\n\t\t\t\t<section class=\"elementor-section elementor-top-section elementor-element elementor-element-4761ec9a elementor-section-boxed elementor-section-height-default elementor-section-height-default\" data-id=\"4761ec9a\" data-element_type=\"section\" data-settings=\"{&quot;background_background&quot;:&quot;classic&quot;}\">\n\t\t\t\t\t\t<div class=\"elementor-container elementor-column-gap-default\">\n\t\t\t\t\t<div class=\"elementor-column elementor-col-100 elementor-top-column elementor-element elementor-element-277fc089\" data-id=\"277fc089\" data-element_type=\"column\">\n\t\t\t<div class=\"elementor-widget-wrap elementor-element-populated\">\n\t\t\t\t\t\t\t\t<div class=\"elementor-element elementor-element-a6121ea elementor-widget elementor-widget-heading\" data-id=\"a6121ea\" data-element_type=\"widget\" data-widget_type=\"heading.default\">\n\t\t\t\t<div class=\"elementor-widget-container\">\n\t\t\t<h2 class=\"elementor-heading-title elementor-size-default\">VISITEZ LE SHOWROOM DE NOTRE USINE <br> ET TROUVEZ LA SOLUTION ID\u00c9ALE POUR VOTRE PROJET<\/h2>\t\t<\/div>\n\t\t\t\t<\/div>\n\t\t\t\t<div class=\"elementor-element elementor-element-8a7529a elementor-widget elementor-widget-text-editor\" data-id=\"8a7529a\" data-element_type=\"widget\" data-widget_type=\"text-editor.default\">\n\t\t\t\t<div class=\"elementor-widget-container\">\n\t\t\t\t\t\t\tVenez et d\u00e9couvrez en personne les produits sur mesure d\u2019Induo, id\u00e9als pour faire briller vos projets. Architectes, d\u00e9corateurs d\u2019int\u00e9rieurs, constructeurs&#8230; Les experts d\u2019Induo vous conseillerons sur les meilleurs mat\u00e9riaux et designs. Pour prendre rendez-vous, veuillez appeler le <span style=\"text-decoration: underline; color: #e6007e;\">0034 943 89 56 73<\/span>ou nous \u00e9crire \u00e0<a style=\"color: #e6007e;\">induo@induo.es.<\/a>\n\t\t\t\t\t\t<\/div>\n\t\t\t\t<\/div>\n\t\t\t\t<div class=\"elementor-element elementor-element-d077de1 elementor-widget elementor-widget-text-editor\" data-id=\"d077de1\" data-element_type=\"widget\" data-widget_type=\"text-editor.default\">\n\t\t\t\t<div class=\"elementor-widget-container\">\n\t\t\t\t\t\t\t<p style=\"text-align: center;\">Nous vous attendons !<\/p>\n\t\t\t\t\t\t<\/div>\n\t\t\t\t<\/div>\n\t\t\t\t\t<\/div>\n\t\t<\/div>\n\t\t\t\t\t\t\t<\/div>\n\t\t<\/section>\n\t\t\t\t\t\t<\/div>\n\t\t\t\t\t<\/div>\n\t\t","protected":false},"excerpt":{"rendered":"<p>USINE TRADITION ET INNOVATION Induo est la section Armoires, Cuisines et Mobilier sur mesure de l\u2019entreprise Arrona Hermanos, le r\u00eave devenu r\u00e9alit\u00e9 d\u2019Hilario et Domingo Arrona qui, au d\u00e9but des ann\u00e9es 70 du si\u00e8cle pass\u00e9, fondent \u00e0 Zarautz une petite entreprise de meubles \u00e0 tiroirs destin\u00e9s aux charpentiers et aux entreprises.Aujourd\u2019hui, Induo est l\u2019\u00e9volution logique, [&hellip;]<\/p>\n","protected":false},"author":1,"featured_media":0,"parent":0,"menu_order":5,"comment_status":"closed","ping_status":"closed","template":"","meta":[],"tipos_productos":[],"acf":[],"yoast_head":"<!-- This site is optimized with the Yoast SEO plugin v20.0 - https:\/\/yoast.com\/wordpress\/plugins\/seo\/ -->\n<title>Venez visiter notre salle d&#039;exposition de placards sur mesure \u00e0 Zarautz.<\/title>\n<meta name=\"description\" content=\"Venez d\u00e9couvrir en personne les produits sur mesure d&#039;Induo, parfaits pour faire briller vos projets.\" \/>\n<meta name=\"robots\" content=\"index, follow, max-snippet:-1, max-image-preview:large, max-video-preview:-1\" \/>\n<link rel=\"canonical\" href=\"https:\/\/induo.es\/fr\/usine\/\" \/>\n<meta property=\"og:locale\" content=\"fr_FR\" \/>\n<meta property=\"og:type\" content=\"article\" \/>\n<meta property=\"og:title\" content=\"Venez visiter notre salle d&#039;exposition de placards sur mesure \u00e0 Zarautz.\" \/>\n<meta property=\"og:description\" content=\"Venez d\u00e9couvrir en personne les produits sur mesure d&#039;Induo, parfaits pour faire briller vos projets.\" \/>\n<meta property=\"og:url\" content=\"https:\/\/induo.es\/fr\/usine\/\" \/>\n<meta property=\"og:site_name\" content=\"Induo\" \/>\n<meta property=\"article:modified_time\" content=\"2023-01-11T10:35:51+00:00\" \/>\n<meta name=\"twitter:card\" content=\"summary_large_image\" \/>\n<meta name=\"twitter:label1\" content=\"Dur\u00e9e de lecture estim\u00e9e\" \/>\n\t<meta name=\"twitter:data1\" content=\"2 minutes\" \/>\n<script type=\"application\/ld+json\" class=\"yoast-schema-graph\">{\"@context\":\"https:\/\/schema.org\",\"@graph\":[{\"@type\":\"WebPage\",\"@id\":\"https:\/\/induo.es\/fr\/usine\/\",\"url\":\"https:\/\/induo.es\/fr\/usine\/\",\"name\":\"Venez visiter notre salle d'exposition de placards sur mesure \u00e0 Zarautz.\",\"isPartOf\":{\"@id\":\"https:\/\/induo.es\/fr\/#website\"},\"datePublished\":\"2022-03-01T09:04:11+00:00\",\"dateModified\":\"2023-01-11T10:35:51+00:00\",\"description\":\"Venez d\u00e9couvrir en personne les produits sur mesure d'Induo, parfaits pour faire briller vos projets.\",\"breadcrumb\":{\"@id\":\"https:\/\/induo.es\/fr\/usine\/#breadcrumb\"},\"inLanguage\":\"fr-FR\",\"potentialAction\":[{\"@type\":\"ReadAction\",\"target\":[\"https:\/\/induo.es\/fr\/usine\/\"]}]},{\"@type\":\"BreadcrumbList\",\"@id\":\"https:\/\/induo.es\/fr\/usine\/#breadcrumb\",\"itemListElement\":[{\"@type\":\"ListItem\",\"position\":1,\"name\":\"Portada\",\"item\":\"https:\/\/induo.es\/fr\/home\/\"},{\"@type\":\"ListItem\",\"position\":2,\"name\":\"Usine\"}]},{\"@type\":\"WebSite\",\"@id\":\"https:\/\/induo.es\/fr\/#website\",\"url\":\"https:\/\/induo.es\/fr\/\",\"name\":\"Induo\",\"description\":\"Armarios y Cocinas\",\"publisher\":{\"@id\":\"https:\/\/induo.es\/fr\/#organization\"},\"potentialAction\":[{\"@type\":\"SearchAction\",\"target\":{\"@type\":\"EntryPoint\",\"urlTemplate\":\"https:\/\/induo.es\/fr\/?s={search_term_string}\"},\"query-input\":\"required name=search_term_string\"}],\"inLanguage\":\"fr-FR\"},{\"@type\":\"Organization\",\"@id\":\"https:\/\/induo.es\/fr\/#organization\",\"name\":\"Induo\",\"url\":\"https:\/\/induo.es\/fr\/\",\"logo\":{\"@type\":\"ImageObject\",\"inLanguage\":\"fr-FR\",\"@id\":\"https:\/\/induo.es\/fr\/#\/schema\/logo\/image\/\",\"url\":\"https:\/\/induo.es\/wp-content\/uploads\/2022\/03\/cropped-logo-1.png\",\"contentUrl\":\"https:\/\/induo.es\/wp-content\/uploads\/2022\/03\/cropped-logo-1.png\",\"width\":150,\"height\":42,\"caption\":\"Induo\"},\"image\":{\"@id\":\"https:\/\/induo.es\/fr\/#\/schema\/logo\/image\/\"}}]}<\/script>\n<!-- \/ Yoast SEO plugin. -->","yoast_head_json":{"title":"Venez visiter notre salle d'exposition de placards sur mesure \u00e0 Zarautz.","description":"Venez d\u00e9couvrir en personne les produits sur mesure d'Induo, parfaits pour faire briller vos projets.","robots":{"index":"index","follow":"follow","max-snippet":"max-snippet:-1","max-image-preview":"max-image-preview:large","max-video-preview":"max-video-preview:-1"},"canonical":"https:\/\/induo.es\/fr\/usine\/","og_locale":"fr_FR","og_type":"article","og_title":"Venez visiter notre salle d'exposition de placards sur mesure \u00e0 Zarautz.","og_description":"Venez d\u00e9couvrir en personne les produits sur mesure d'Induo, parfaits pour faire briller vos projets.","og_url":"https:\/\/induo.es\/fr\/usine\/","og_site_name":"Induo","article_modified_time":"2023-01-11T10:35:51+00:00","twitter_card":"summary_large_image","twitter_misc":{"Dur\u00e9e de lecture estim\u00e9e":"2 minutes"},"schema":{"@context":"https:\/\/schema.org","@graph":[{"@type":"WebPage","@id":"https:\/\/induo.es\/fr\/usine\/","url":"https:\/\/induo.es\/fr\/usine\/","name":"Venez visiter notre salle d'exposition de placards sur mesure \u00e0 Zarautz.","isPartOf":{"@id":"https:\/\/induo.es\/fr\/#website"},"datePublished":"2022-03-01T09:04:11+00:00","dateModified":"2023-01-11T10:35:51+00:00","description":"Venez d\u00e9couvrir en personne les produits sur mesure d'Induo, parfaits pour faire briller vos projets.","breadcrumb":{"@id":"https:\/\/induo.es\/fr\/usine\/#breadcrumb"},"inLanguage":"fr-FR","potentialAction":[{"@type":"ReadAction","target":["https:\/\/induo.es\/fr\/usine\/"]}]},{"@type":"BreadcrumbList","@id":"https:\/\/induo.es\/fr\/usine\/#breadcrumb","itemListElement":[{"@type":"ListItem","position":1,"name":"Portada","item":"https:\/\/induo.es\/fr\/home\/"},{"@type":"ListItem","position":2,"name":"Usine"}]},{"@type":"WebSite","@id":"https:\/\/induo.es\/fr\/#website","url":"https:\/\/induo.es\/fr\/","name":"Induo","description":"Armarios y Cocinas","publisher":{"@id":"https:\/\/induo.es\/fr\/#organization"},"potentialAction":[{"@type":"SearchAction","target":{"@type":"EntryPoint","urlTemplate":"https:\/\/induo.es\/fr\/?s={search_term_string}"},"query-input":"required name=search_term_string"}],"inLanguage":"fr-FR"},{"@type":"Organization","@id":"https:\/\/induo.es\/fr\/#organization","name":"Induo","url":"https:\/\/induo.es\/fr\/","logo":{"@type":"ImageObject","inLanguage":"fr-FR","@id":"https:\/\/induo.es\/fr\/#\/schema\/logo\/image\/","url":"https:\/\/induo.es\/wp-content\/uploads\/2022\/03\/cropped-logo-1.png","contentUrl":"https:\/\/induo.es\/wp-content\/uploads\/2022\/03\/cropped-logo-1.png","width":150,"height":42,"caption":"Induo"},"image":{"@id":"https:\/\/induo.es\/fr\/#\/schema\/logo\/image\/"}}]}},"_links":{"self":[{"href":"https:\/\/induo.es\/fr\/wp-json\/wp\/v2\/pages\/9571"}],"collection":[{"href":"https:\/\/induo.es\/fr\/wp-json\/wp\/v2\/pages"}],"about":[{"href":"https:\/\/induo.es\/fr\/wp-json\/wp\/v2\/types\/page"}],"author":[{"embeddable":true,"href":"https:\/\/induo.es\/fr\/wp-json\/wp\/v2\/users\/1"}],"replies":[{"embeddable":true,"href":"https:\/\/induo.es\/fr\/wp-json\/wp\/v2\/comments?post=9571"}],"version-history":[{"count":6,"href":"https:\/\/induo.es\/fr\/wp-json\/wp\/v2\/pages\/9571\/revisions"}],"predecessor-version":[{"id":10956,"href":"https:\/\/induo.es\/fr\/wp-json\/wp\/v2\/pages\/9571\/revisions\/10956"}],"wp:attachment":[{"href":"https:\/\/induo.es\/fr\/wp-json\/wp\/v2\/media?parent=9571"}],"wp:term":[{"taxonomy":"tipos_productos","embeddable":true,"href":"https:\/\/induo.es\/fr\/wp-json\/wp\/v2\/tipos_productos?post=9571"}],"curies":[{"name":"wp","href":"https:\/\/api.w.org\/{rel}","templated":true}]}}